{"id":5139,"date":"2021-09-13T18:32:06","date_gmt":"2021-09-13T16:32:06","guid":{"rendered":"https:\/\/www.rutadelvidobages.cat\/avis-legal\/"},"modified":"2025-10-20T11:02:25","modified_gmt":"2025-10-20T09:02:25","slug":"mentions-legales","status":"publish","type":"page","link":"https:\/\/www.rutadelvidobages.cat\/fr\/mentions-legales\/","title":{"rendered":"Mentions l\u00e9gales"},"content":{"rendered":"<p><div class=\"fusion-fullwidth fullwidth-box fusion-builder-row-1 fusion-flex-container fusion-parallax-none nonhundred-percent-fullwidth non-hundred-percent-height-scrolling\" style=\"--awb-border-radius-top-left:0px;--awb-border-radius-top-right:0px;--awb-border-radius-bottom-right:0px;--awb-border-radius-bottom-left:0px;--awb-background-image:url(&quot;https:\/\/www.rutadelvidobages.cat\/wp-content\/uploads\/2021\/07\/ORP4350.jpg&quot;);--awb-background-size:cover;--awb-flex-wrap:wrap;\" ><div class=\"fusion-builder-row fusion-row fusion-flex-align-items-flex-start fusion-flex-justify-content-center fusion-flex-content-wrap\" style=\"max-width:1248px;margin-left: calc(-4% \/ 2 );margin-right: calc(-4% \/ 2 );\"><div class=\"fusion-layout-column fusion_builder_column fusion-builder-column-0 fusion_builder_column_1_1 1_1 fusion-flex-column\" style=\"--awb-bg-size:cover;--awb-width-large:100%;--awb-margin-top-large:0px;--awb-spacing-right-large:1.92%;--awb-margin-bottom-large:20px;--awb-spacing-left-large:1.92%;--awb-width-medium:100%;--awb-order-medium:0;--awb-spacing-right-medium:1.92%;--awb-spacing-left-medium:1.92%;--awb-width-small:100%;--awb-order-small:0;--awb-spacing-right-small:1.92%;--awb-spacing-left-small:1.92%;\"><div class=\"fusion-column-wrapper fusion-column-has-shadow fusion-flex-justify-content-flex-start fusion-content-layout-column\"><\/div><\/div><\/div><\/div><div class=\"fusion-fullwidth fullwidth-box fusion-builder-row-2 fusion-flex-container nonhundred-percent-fullwidth non-hundred-percent-height-scrolling\" style=\"--awb-border-radius-top-left:0px;--awb-border-radius-top-right:0px;--awb-border-radius-bottom-right:0px;--awb-border-radius-bottom-left:0px;--awb-flex-wrap:wrap;\" ><div class=\"fusion-builder-row fusion-row fusion-flex-align-items-flex-start fusion-flex-justify-content-center fusion-flex-content-wrap\" style=\"max-width:1248px;margin-left: calc(-4% \/ 2 );margin-right: calc(-4% \/ 2 );\"><div class=\"fusion-layout-column fusion_builder_column fusion-builder-column-1 fusion_builder_column_5_6 5_6 fusion-flex-column\" style=\"--awb-bg-size:cover;--awb-width-large:83.333333333333%;--awb-margin-top-large:0px;--awb-spacing-right-large:2.304%;--awb-margin-bottom-large:20px;--awb-spacing-left-large:2.304%;--awb-width-medium:83.333333333333%;--awb-order-medium:0;--awb-spacing-right-medium:2.304%;--awb-spacing-left-medium:2.304%;--awb-width-small:100%;--awb-order-small:0;--awb-spacing-right-small:1.92%;--awb-spacing-left-small:1.92%;\"><div class=\"fusion-column-wrapper fusion-column-has-shadow fusion-flex-justify-content-flex-start fusion-content-layout-column\"><div class=WordSection1>\n\n<h1 class=MsoTitle style='text-align:justify'><a name=\"_oe8b5d7frxfe\"><\/a><span\nlang=ca style='font-family:Raleway;mso-fareast-font-family:Raleway;mso-bidi-font-family:\nRaleway'>Mentions l\u00e9gales<o:p><\/o:p><\/span><\/h1>\n\n<p class=MsoNormal style='text-align:justify'><span lang=ca style='font-family:\nRaleway;mso-fareast-font-family:Raleway;mso-bidi-font-family:Raleway'><o:p>\u00a0<\/o:p><\/span><\/p>\n\n<p class=MsoNormal style='margin-top:12.0pt;text-align:justify;background:white'><b\nstyle='mso-bidi-font-weight:normal'><span lang=ca style='font-size:11.5pt;\nline-height:115%;font-family:Raleway;mso-fareast-font-family:Raleway;\nmso-bidi-font-family:Raleway'>1. Identification du site Web<o:p><\/o:p><\/span><\/b><\/p>\n\n<p class=MsoNormal style='margin-top:12.0pt;text-align:justify;background:white'><span\nlang=ca style='font-family:Raleway;mso-fareast-font-family:Raleway;mso-bidi-font-family:\nRaleway'>Ce portail appartient au Consell Comarcal del Bages<span\nstyle='mso-spacerun:yes'>\u00a0 <\/span>et au <\/span><span lang=ca style='font-size:\n11.5pt;line-height:115%;font-family:Raleway;mso-fareast-font-family:Raleway;\nmso-bidi-font-family:Raleway'>Consell<\/span><span lang=ca style='font-size:\n10.5pt;line-height:115%;font-family:Raleway;mso-fareast-font-family:Raleway;\nmso-bidi-font-family:Raleway'> Regulador de la Denominaci\u00f3 d\u2019Origen Pla de\nBages<\/span><span lang=ca style='font-family:Raleway;mso-fareast-font-family:\nRaleway;mso-bidi-font-family:Raleway'> qui dirigent et assument le projet\ncommun de la Route des Vins de la DO Pla de Bages dans le cadre d'un accord de\ncollaboration entre les deux entit\u00e9s .<o:p><\/o:p><\/span><\/p>\n\n<p class=MsoNormal style='margin-top:12.0pt;text-align:justify;background:white'><span\nlang=ca style='font-family:Raleway;mso-fareast-font-family:Raleway;mso-bidi-font-family:\nRaleway'><span style='mso-spacerun:yes'>\u00a0<\/span>Conform\u00e9ment aux dispositions\nde l'article 10 de la loi 34\/2002 du 11 juillet sur les services de la soci\u00e9t\u00e9\nde l'information et le commerce \u00e9lectronique (LSSICE), nous mettons \u00e0\ndisposition les \u00abinformations g\u00e9n\u00e9rales\u00bb, qui comprennent les donn\u00e9es\nd'identification des entit\u00e9s propri\u00e9taires de ce site Web. :<o:p><\/o:p><\/span><\/p>\n\n<p class=MsoNormal style='margin-top:12.0pt;text-align:justify;background:white'><b\nstyle='mso-bidi-font-weight:normal'><span lang=ca style='font-size:11.5pt;\nline-height:115%;font-family:Raleway;mso-fareast-font-family:Raleway;\nmso-bidi-font-family:Raleway'>Donn\u00e9es d'identification des entit\u00e9s propri\u00e9taires\nde ce site Web :<o:p><\/o:p><\/span><\/b><\/p>\n\n<p class=MsoNormal style='margin-top:12.0pt;text-align:justify;background:white'><b\nstyle='mso-bidi-font-weight:normal'><span lang=ca style='font-family:Raleway;\nmso-fareast-font-family:Raleway;mso-bidi-font-family:Raleway'>Consell Comarcal\ndel Bages <o:p><\/o:p><\/span><\/b><\/p>\n\n<p class=MsoNormal style='margin-top:12.0pt;text-align:justify;line-height:\nnormal;background:white'><span lang=ca style='font-family:Raleway;mso-fareast-font-family:\nRaleway;mso-bidi-font-family:Raleway'>Adresse de contact : Muralla de Sant\nDom\u00e8nec, 24 08241 Manresa (Barcelone)<o:p><\/o:p><\/span><\/p>\n\n<p class=MsoNormal style='margin-top:12.0pt;text-align:justify;line-height:\nnormal;background:white'><span lang=ca style='font-family:Raleway;mso-fareast-font-family:\nRaleway;mso-bidi-font-family:Raleway'>NIF. P5800009B<o:p><\/o:p><\/span><\/p>\n\n<p class=MsoNormal style='margin-top:12.0pt;text-align:justify;line-height:\nnormal;background:white'><span lang=ca style='font-family:Raleway;mso-fareast-font-family:\nRaleway;mso-bidi-font-family:Raleway'>T\u00e9l\u00e9phone : 93 693 03 50<o:p><\/o:p><\/span><\/p>\n\n<p class=MsoNormal style='margin-top:12.0pt;text-align:justify;line-height:\nnormal;background:white'><span lang=ca style='font-family:Raleway;mso-fareast-font-family:\nRaleway;mso-bidi-font-family:Raleway'>Courriel : <a href=\"javascript:secureDecryptAndNavigate('l6p4hcqTqGze8dv0nOqXxRpfqEQ4VSTX+UaVpNyoqz0ig9dnMa88NJF+UvBCbu8Kpr0R9b4jBL0ser1HVP8Vvu5P5P9uhJToCTuj', '990dd719dae1e4f6dcb6bc1d48bb9fa051b1ce503ff3a66cf079fec471f6d630')\">&#99;o&#110;tact&#111;&#64;&#99;&#99;&#98;&#97;&#103;&#101;&#115;&#46;ca&#116;<\/a><o:p><\/o:p><\/span><\/p>\n\n<p class=MsoNormal style='margin-top:12.0pt;text-align:justify;background:white'><b\nstyle='mso-bidi-font-weight:normal'><span lang=ca style='font-family:Raleway;\nmso-fareast-font-family:Raleway;mso-bidi-font-family:Raleway'><span\nstyle='mso-spacerun:yes'>\u00a0<\/span>Consell Regulador de la Denominaci\u00f3 d\u2019Origen\nPla de Bages<o:p><\/o:p><\/span><\/b><\/p>\n\n<p class=MsoNormal style='margin-top:12.0pt;text-align:justify;line-height:\nnormal;background:white'><span lang=ca style='font-family:Raleway;mso-fareast-font-family:\nRaleway;mso-bidi-font-family:Raleway'>Si\u00e8ge social : Casa de la Culla, Carrer\nde la Culla s\/n, 08243, Manresa (Barcelone)<o:p><\/o:p><\/span><\/p>\n\n<p class=MsoNormal style='margin-top:12.0pt;text-align:justify;line-height:\nnormal;background:white'><span lang=ca style='font-family:Raleway;mso-fareast-font-family:\nRaleway;mso-bidi-font-family:Raleway'>CAF : V61000915<o:p><\/o:p><\/span><\/p>\n\n<p class=MsoNormal style='margin-top:12.0pt;text-align:justify;line-height:\nnormal;background:white'><span lang=ca style='font-family:Raleway;mso-fareast-font-family:\nRaleway;mso-bidi-font-family:Raleway'>T\u00e9l\u00e9phone : 938 74 82 36<o:p><\/o:p><\/span><\/p>\n\n<p class=MsoNormal style='margin-top:12.0pt;text-align:justify;line-height:\nnormal;background:white'><span lang=ca style='font-family:Raleway;mso-fareast-font-family:\nRaleway;mso-bidi-font-family:Raleway'>Courriel de contact :\n<a href=\"javascript:secureDecryptAndNavigate('bPEKiIwJxT0W0ZRQOaaD98o9Rqd1gOw+0YTIXbepHwZVEhUDiPpwV18bvyTHY+iTXUrkNIVBpk8VA6oGmvY\/Id764OC6KJ4Jhm5mog==', '990dd719dae1e4f6dcb6bc1d48bb9fa051b1ce503ff3a66cf079fec471f6d630')\">inf&#111;&#64;&#100;o&#112;l&#97;&#100;eba&#103;&#101;&#115;.c&#111;m<\/a>.<o:p><\/o:p><\/span><\/p>\n\n<p class=MsoNormal style='margin-top:12.0pt;text-align:justify;background:white'><b\nstyle='mso-bidi-font-weight:normal'><span lang=ca style='font-size:13.5pt;\nline-height:115%;font-family:Raleway;mso-fareast-font-family:Raleway;\nmso-bidi-font-family:Raleway'>Conditions d'utilisation du site Web<o:p><\/o:p><\/span><\/b><\/p>\n\n<p class=MsoNormal style='margin-top:12.0pt;text-align:justify;background:white'><b\nstyle='mso-bidi-font-weight:normal'><span lang=ca style='font-size:11.5pt;\nline-height:115%;font-family:Raleway;mso-fareast-font-family:Raleway;\nmso-bidi-font-family:Raleway'>2. Attribution de la condition d'utilisateur du\nsite<o:p><\/o:p><\/span><\/b><\/p>\n\n<p class=MsoNormal style='margin-top:12.0pt;text-align:justify;background:white'><span\nlang=ca style='font-family:Raleway;mso-fareast-font-family:Raleway;mso-bidi-font-family:\nRaleway'>L'utilisation de www.rutadelvidobages.cat (ci-apr\u00e8s, le site Web) vous\nconf\u00e8re le statut d'utilisateur du site Web et implique l'acceptation pleine et\nsans r\u00e9serve de chacune des dispositions incluses dans le pr\u00e9sent avis\njuridique dans la version publi\u00e9e par le Consell Comarcal del Bages et le\nConsell Regulador de la Denominaci\u00f3 d\u2019Origen Pla de Bages (ci-apr\u00e8s, \u00ab\nResponsable \u00bb) en m\u00eame temps que l'utilisateur acc\u00e8de au site Web. En\ncons\u00e9quence, l'utilisateur doit lire attentivement ces conditions dans chacune\ndes occasions o\u00f9 il est propos\u00e9 d'utiliser le site Web, car elles peuvent \u00eatre\nsujettes \u00e0 des modifications.<o:p><\/o:p><\/span><\/p>\n\n<p class=MsoNormal style='margin-top:12.0pt;text-align:justify;background:white'><span\nlang=ca style='font-family:Raleway;mso-fareast-font-family:Raleway;mso-bidi-font-family:\nRaleway'>Les Responsabilit\u00e9s se r\u00e9servent le droit de modifier les conditions\nd'utilisation du Site. Il est de l'obligation de l'utilisateur de revoir\np\u00e9riodiquement les conditions.<o:p><\/o:p><\/span><\/p>\n\n<p class=MsoNormal style='margin-top:12.0pt;text-align:justify;background:white'><b\nstyle='mso-bidi-font-weight:normal'><span lang=ca style='font-size:11.5pt;\nline-height:115%;font-family:Raleway;mso-fareast-font-family:Raleway;\nmso-bidi-font-family:Raleway'>3. Objet<o:p><\/o:p><\/span><\/b><\/p>\n\n<p class=MsoNormal style='margin-top:12.0pt;text-align:justify;background:white'><span\nlang=ca style='font-family:Raleway;mso-fareast-font-family:Raleway;mso-bidi-font-family:\nRaleway'>Les conditions d'utilisation ont pour objet de r\u00e9guler l'acc\u00e8s des\nutilisateurs et la navigation ult\u00e9rieure sur le site. De m\u00eame, ces conditions\nr\u00e9gissent la relation entre les utilisateurs et les gestionnaires lorsque les\npremiers utilisent le site Web propos\u00e9 par les gestionnaires \u00e0 toutes fins\nutiles.<o:p><\/o:p><\/span><\/p>\n\n<p class=MsoNormal style='margin-top:12.0pt;text-align:justify;background:white'><b\nstyle='mso-bidi-font-weight:normal'><span lang=ca style='font-size:11.5pt;\nline-height:115%;font-family:Raleway;mso-fareast-font-family:Raleway;\nmso-bidi-font-family:Raleway'>4. Obligations des utilisateurs<o:p><\/o:p><\/span><\/b><\/p>\n\n<p class=MsoNormal style='margin-top:12.0pt;text-align:justify;background:white'><span\nlang=ca style='font-family:Raleway;mso-fareast-font-family:Raleway;mso-bidi-font-family:\nRaleway'>Acc\u00e8s et utilisation du site Web :<o:p><\/o:p><\/span><\/p>\n\n<p class=MsoNormal style='margin-top:12.0pt;text-align:justify;background:white'><span\nlang=ca style='font-family:Raleway;mso-fareast-font-family:Raleway;mso-bidi-font-family:\nRaleway'>La visite et la consultation des informations sur le site sont\ngratuites pour tous les utilisateurs.<o:p><\/o:p><\/span><\/p>\n\n<p class=MsoNormal style='margin-top:12.0pt;text-align:justify;background:white'><span\nlang=ca style='font-family:Raleway;mso-fareast-font-family:Raleway;mso-bidi-font-family:\nRaleway'>Obligation de faire un usage correct du Contenu :<o:p><\/o:p><\/span><\/p>\n\n<p class=MsoNormal style='margin-top:12.0pt;text-align:justify;background:white'><span\nlang=ca style='font-family:Raleway;mso-fareast-font-family:Raleway;mso-bidi-font-family:\nRaleway'>L'utilisateur s'engage \u00e0 utiliser le contenu mis \u00e0 la disposition des\nutilisateurs sur le site, en comprenant par eux, sans que cette \u00e9num\u00e9ration\nsoit limitative, les textes, photographies, graphiques, images, ic\u00f4nes,\ntechnologies, logiciels, liens et autres contenus audiovisuels ou audio, comme\nainsi que sa conception graphique et ses codes sources (ci-apr\u00e8s, les \u00ab\nContenus \u00bb), conform\u00e9ment \u00e0 la loi, aux pr\u00e9sentes Mentions L\u00e9gales (conditions\nd'utilisation) et aux autres mentions, r\u00e8glements d'utilisation et instructions\nmis \u00e0 leur connaissance, ainsi qu'avec m\u0153urs et bonnes mani\u00e8res accept\u00e9es et\nordre public.<o:p><\/o:p><\/span><\/p>\n\n<p class=MsoNormal style='margin-top:12.0pt;text-align:justify;background:white'><b\nstyle='mso-bidi-font-weight:normal'><span lang=ca style='font-size:11.5pt;\nline-height:115%;font-family:Raleway;mso-fareast-font-family:Raleway;\nmso-bidi-font-family:Raleway'>5. Propri\u00e9t\u00e9 intellectuelle<o:p><\/o:p><\/span><\/b><\/p>\n\n<p class=MsoNormal style='margin-top:12.0pt;text-align:justify;background:white'><span\nlang=ca style='font-family:Raleway;mso-fareast-font-family:Raleway;mso-bidi-font-family:\nRaleway'>Les Gestionnaires et organismes de gestion li\u00e9s \u00e0 la Route des Vins de\nl'AOC Pla de Bages ou de tiers qui ont autoris\u00e9 l'utilisation ou les licences\nde ces contenus dans la Route des Vins de l'AOC Pla de Bages pour leur exploitation\nsont titulaires de droits intellectuels et industriels droits de propri\u00e9t\u00e9 sur\nle nom de domaine, les marques et signes distinctifs, les informations et\nautres \u0153uvres et inventions li\u00e9es au site Internet et \u00e0 la technologie qui lui\nest associ\u00e9e, ainsi que sur son contenu.<o:p><\/o:p><\/span><\/p>\n\n<p class=MsoNormal style='margin-top:12.0pt;text-align:justify;background:white'><span\nlang=ca style='font-family:Raleway;mso-fareast-font-family:Raleway;mso-bidi-font-family:\nRaleway'>Le contenu de ce site Web, y compris les conceptions, les\napplications, les textes, les images et le code source, sont prot\u00e9g\u00e9s par des\ndroits de propri\u00e9t\u00e9 intellectuelle et industrielle.<o:p><\/o:p><\/span><\/p>\n\n<p class=MsoNormal style='margin-top:12.0pt;text-align:justify;background:white'><span\nlang=ca style='font-family:Raleway;mso-fareast-font-family:Raleway;mso-bidi-font-family:\nRaleway'>En aucun cas, le contenu ne peut \u00eatre utilis\u00e9, reproduit, copi\u00e9 ou\ntransmis sans l'autorisation \u00e9crite pr\u00e9alable des G\u00e9rants. .<o:p><\/o:p><\/span><\/p>\n\n<p class=MsoNormal style='margin-top:12.0pt;text-align:justify;background:white'><span\nlang=ca style='font-family:Raleway;mso-fareast-font-family:Raleway;mso-bidi-font-family:\nRaleway'>La Route des Vins de l'AOC Pla de Bages est une marque. Toute\nutilisation ou reproduction de celui-ci sans l'autorisation \u00e9crite pr\u00e9alable\ndes G\u00e9rants est strictement interdite. Les droits de propri\u00e9t\u00e9 industrielle\nli\u00e9s aux services et produits des G\u00e9rants sont prot\u00e9g\u00e9s dans les m\u00eames termes.\n.<o:p><\/o:p><\/span><\/p>\n\n<p class=MsoNormal style='margin-top:12.0pt;text-align:justify;background:white'><span\nlang=ca style='font-family:Raleway;mso-fareast-font-family:Raleway;mso-bidi-font-family:\nRaleway'>L'utilisateur doit s'abstenir de fournir des contenus obtenus\nill\u00e9galement ou prot\u00e9g\u00e9s par des droits de propri\u00e9t\u00e9 intellectuelle (droit\nd'auteur) sans l'autorisation expresse des auteurs originaux ou des titulaires\ndesdits droits. Dans tous les cas, l'utilisateur sera responsable et non le\nresponsable de toute r\u00e9clamation financi\u00e8re ou de toute nature qui pourrait\n\u00eatre adress\u00e9e au responsable de ces faits en revendication des droits de\npropri\u00e9t\u00e9 intellectuelle susmentionn\u00e9s.<o:p><\/o:p><\/span><\/p>\n\n<p class=MsoNormal style='margin-top:12.0pt;text-align:justify;background:white'><span\nlang=ca style='font-family:Raleway;mso-fareast-font-family:Raleway;mso-bidi-font-family:\nRaleway'>Dans le cas o\u00f9 un utilisateur ou un tiers consid\u00e8re qu'il existe des\nfaits ou des circonstances qui r\u00e9v\u00e8lent le caract\u00e8re inappropri\u00e9 de\nl'utilisation de tout contenu et \/ ou de l'ex\u00e9cution de toute activit\u00e9 sur les\npages Web incluses ou accessibles via le site Web et, en notamment, la\ncontrefa\u00e7on de droits de propri\u00e9t\u00e9 intellectuelle ou industrielle (brevets,\nmod\u00e8les et dessins industriels, marques et noms commerciaux, etc.), le\nmanquement aux devoirs et obligations pr\u00e9vus dans les pr\u00e9sentes conditions ou\nla violation d'autres droits, vous devez adresser un email \u00e0\n<a href=\"javascript:secureDecryptAndNavigate('1sgaqOnNo+K\/xEjcJJ8Sup5ymPEEZ85Y6XEgsgcNZCMc3jjY2TJ1\/YnXXi3UwPjtmeCk3pPwEIGvCa6tp2JiM3dWwKkcNM8wknV0', '990dd719dae1e4f6dcb6bc1d48bb9fa051b1ce503ff3a66cf079fec471f6d630')\">co&#110;t&#97;&#99;t&#111;&#64;&#99;cb&#97;g&#101;s&#46;c&#97;t<\/a> ou <a href=\"javascript:secureDecryptAndNavigate('w\/BO2Ws5QHfvc\/u87lTQ+XuPwbdNiPcOxqvl0xc2eRlDDZ52YQUT9NARe7vd1sH1WpX7z3rswaCVrZQO9tR2BdsvvSWN+M\/Ry0E1UQ==', '990dd719dae1e4f6dcb6bc1d48bb9fa051b1ce503ff3a66cf079fec471f6d630')\">in&#102;o&#64;&#100;o&#112;&#108;a&#100;&#101;&#98;age&#115;.c&#111;&#109;<\/a> informant les G\u00e9rants des points\nsuivants :<o:p><\/o:p><\/span><\/p>\n\n<p class=MsoNormal style='margin-top:12.0pt;margin-right:0cm;margin-bottom:\n0cm;margin-left:36.0pt;margin-bottom:.0001pt;text-align:justify;text-indent:\n-18.0pt;mso-list:l3 level1 lfo7;background:white'><![if !supportLists]><span\nlang=ca style='font-family:Raleway;mso-fareast-font-family:Raleway;mso-bidi-font-family:\nRaleway'><span style='mso-list:Ignore'>\u25cf<span style='font:7.0pt \"Times New Roman\"'>\u00a0\u00a0\u00a0\u00a0\u00a0\u00a0\u00a0\n<\/span><\/span><\/span><![endif]><span lang=ca style='font-family:Raleway;\nmso-fareast-font-family:Raleway;mso-bidi-font-family:Raleway'>Donn\u00e9es personnelles\ndu demandeur : nom, adresse, num\u00e9ro de t\u00e9l\u00e9phone et adresse e-mail.<o:p><\/o:p><\/span><\/p>\n\n<p class=MsoNormal style='margin-left:36.0pt;text-align:justify;text-indent:\n-18.0pt;mso-list:l3 level1 lfo7;background:white'><![if !supportLists]><span\nlang=ca style='font-family:Raleway;mso-fareast-font-family:Raleway;mso-bidi-font-family:\nRaleway'><span style='mso-list:Ignore'>\u25cf<span style='font:7.0pt \"Times New Roman\"'>\u00a0\u00a0\u00a0\u00a0\u00a0\u00a0\u00a0\n<\/span><\/span><\/span><![endif]><span lang=ca style='font-family:Raleway;\nmso-fareast-font-family:Raleway;mso-bidi-font-family:Raleway'>Sp\u00e9cification de\nl'activit\u00e9 ill\u00e9gale pr\u00e9sum\u00e9e r\u00e9alis\u00e9e sur le site Web et, en particulier, en\ncas de violation pr\u00e9sum\u00e9e des droits, indication pr\u00e9cise et sp\u00e9cifique du\ncontenu prot\u00e9g\u00e9 ainsi que de son emplacement sur les pages Web.<o:p><\/o:p><\/span><\/p>\n\n<p class=MsoNormal style='margin-left:36.0pt;text-align:justify;text-indent:\n-18.0pt;mso-list:l3 level1 lfo7;background:white'><![if !supportLists]><span\nlang=ca style='font-family:Raleway;mso-fareast-font-family:Raleway;mso-bidi-font-family:\nRaleway'><span style='mso-list:Ignore'>\u25cf<span style='font:7.0pt \"Times New Roman\"'>\u00a0\u00a0\u00a0\u00a0\u00a0\u00a0\u00a0\n<\/span><\/span><\/span><![endif]><span lang=ca style='font-family:Raleway;\nmso-fareast-font-family:Raleway;mso-bidi-font-family:Raleway'>Des faits ou\ncirconstances r\u00e9v\u00e9lant le caract\u00e8re ill\u00e9gal de cette activit\u00e9 ;<o:p><\/o:p><\/span><\/p>\n\n<p class=MsoNormal style='margin-left:36.0pt;text-align:justify;text-indent:\n-18.0pt;mso-list:l3 level1 lfo7;background:white'><![if !supportLists]><span\nlang=ca style='font-family:Raleway;mso-fareast-font-family:Raleway;mso-bidi-font-family:\nRaleway'><span style='mso-list:Ignore'>\u25cf<span style='font:7.0pt \"Times New Roman\"'>\u00a0\u00a0\u00a0\u00a0\u00a0\u00a0\u00a0\n<\/span><\/span><\/span><![endif]><span lang=ca style='font-family:Raleway;\nmso-fareast-font-family:Raleway;mso-bidi-font-family:Raleway'>En cas de\nviolation des droits, les donn\u00e9es personnelles du titulaire des droits\npr\u00e9tendument viol\u00e9es.<o:p><\/o:p><\/span><\/p>\n\n<p class=MsoNormal style='margin-left:36.0pt;text-align:justify;text-indent:\n-18.0pt;mso-list:l3 level1 lfo7;background:white'><![if !supportLists]><span\nlang=ca style='font-family:Raleway;mso-fareast-font-family:Raleway;mso-bidi-font-family:\nRaleway'><span style='mso-list:Ignore'>\u25cf<span style='font:7.0pt \"Times New Roman\"'>\u00a0\u00a0\u00a0\u00a0\u00a0\u00a0\u00a0\n<\/span><\/span><\/span><![endif]><span lang=ca style='font-family:Raleway;\nmso-fareast-font-family:Raleway;mso-bidi-font-family:Raleway'>Exprimer,\nclairement et sous la responsabilit\u00e9 du demandeur, que les informations\nfournies dans la notification sont exactes et du caract\u00e8re inappropri\u00e9 de\nl'utilisation du contenu ou de l'ex\u00e9cution des activit\u00e9s d\u00e9crites.<o:p><\/o:p><\/span><\/p>\n\n<p class=MsoNormal style='margin-top:12.0pt;text-align:justify;background:white'><span\nlang=ca style='font-family:Raleway;mso-fareast-font-family:Raleway;mso-bidi-font-family:\nRaleway'>Les responsables prennent imm\u00e9diatement les mesures n\u00e9cessaires pour\nmodifier ou supprimer, le cas \u00e9ch\u00e9ant, ces donn\u00e9es ou contenus.<o:p><\/o:p><\/span><\/p>\n\n<p class=MsoNormal style='margin-top:12.0pt;text-align:justify;background:white'><span\nlang=ca style='font-family:Raleway;mso-fareast-font-family:Raleway;mso-bidi-font-family:\nRaleway'>Tous les services logiciels sont prot\u00e9g\u00e9s par les lois sur le droit\nd'auteur et les trait\u00e9s internationaux sur le droit d'auteur, ainsi que par\nd'autres lois et trait\u00e9s sur la propri\u00e9t\u00e9 intellectuelle. Tous les titres et\ndroits de propri\u00e9t\u00e9 intellectuelle sur le contenu accessible via l'utilisation\ndu site Web sont la propri\u00e9t\u00e9 des autorit\u00e9s ou de leurs propri\u00e9taires\nrespectifs et sont \u00e9galement prot\u00e9g\u00e9s par le droit d'auteur et d'autres lois\nsur la propri\u00e9t\u00e9 intellectuelle.<o:p><\/o:p><\/span><\/p>\n\n<p class=MsoNormal style='margin-top:12.0pt;text-align:justify;background:white'><b\nstyle='mso-bidi-font-weight:normal'><span lang=ca style='font-size:11.5pt;\nline-height:115%;font-family:Raleway;mso-fareast-font-family:Raleway;\nmso-bidi-font-family:Raleway'>6. Protection des donn\u00e9es personnelles et\nconfidentialit\u00e9<o:p><\/o:p><\/span><\/b><\/p>\n\n<p class=MsoNormal style='margin-top:12.0pt;text-align:justify;background:white'><span\nlang=ca style='font-family:Raleway;mso-fareast-font-family:Raleway;mso-bidi-font-family:\nRaleway'>Afin d'utiliser certains des Services, l'utilisateur doit d'abord\nfournir certaines donn\u00e9es personnelles. La soci\u00e9t\u00e9 traitera automatiquement ces\ndonn\u00e9es et appliquera les mesures de s\u00e9curit\u00e9 correspondantes conform\u00e9ment au\nRGPD, LOPDGDD et LSSI. L'utilisateur peut acc\u00e9der \u00e0 la politique \u00e9tablie sur le\ntraitement des donn\u00e9es personnelles et ses finalit\u00e9s dans les conditions\nd\u00e9finies dans la politique de confidentialit\u00e9.<o:p><\/o:p><\/span><\/p>\n\n<p class=MsoNormal style='margin-top:12.0pt;text-align:justify;background:white'><b\nstyle='mso-bidi-font-weight:normal'><span lang=ca style='font-size:11.5pt;\nline-height:115%;font-family:Raleway;mso-fareast-font-family:Raleway;\nmso-bidi-font-family:Raleway'>7. Responsabilit\u00e9 du contenu<o:p><\/o:p><\/span><\/b><\/p>\n\n<p class=MsoNormal style='margin-top:12.0pt;text-align:justify;background:white'><span\nlang=ca style='font-family:Raleway;mso-fareast-font-family:Raleway;mso-bidi-font-family:\nRaleway'>Les responsables ne garantissent pas que le site Web et le serveur\nsont exempts de virus et ne sont pas responsables des \u00e9ventuels dommages ou\nblessures pouvant r\u00e9sulter d'interf\u00e9rences, d'omissions, d'interruptions, de\nvirus informatiques, de pannes de t\u00e9l\u00e9phone ou de d\u00e9connexions dans le\nfonctionnement op\u00e9rationnel de ce site Web. syst\u00e8me \u00e9lectronique, caus\u00e9s par\ndes causes autres que celles responsables, des retards ou des blocages dans\nl'utilisation de ce syst\u00e8me \u00e9lectronique caus\u00e9s par des d\u00e9faillances ou des\nsurcharges de lignes t\u00e9l\u00e9phoniques ou des surcharges du syst\u00e8me Internet ou\nd'autres syst\u00e8mes \u00e9lectroniques, ainsi que des dommages pouvant \u00eatre caus\u00e9s par\ndes tiers parties par des intrusions ill\u00e9gitimes \u00e9chappant au contr\u00f4le des\nresponsables.<o:p><\/o:p><\/span><\/p>\n\n<p class=MsoNormal style='margin-top:12.0pt;text-align:justify;background:white'><span\nlang=ca style='font-family:Raleway;mso-fareast-font-family:Raleway;mso-bidi-font-family:\nRaleway'>Les informations administratives fournies via ce site Web ne\nremplacent pas la publicit\u00e9 l\u00e9gale des lois, dispositions g\u00e9n\u00e9rales et actes\nqui doivent \u00eatre officiellement publi\u00e9s dans les journaux officiels, dont l'\u00e9dition\nest le seul instrument qui atteste de son authenticit\u00e9 et de son contenu.<o:p><\/o:p><\/span><\/p>\n\n<p class=MsoNormal style='margin-top:12.0pt;text-align:justify;background:white'><span\nlang=ca style='font-family:Raleway;mso-fareast-font-family:Raleway;mso-bidi-font-family:\nRaleway'>Les G\u00e9rants ne sont pas responsables des informations qui peuvent \u00eatre\nobtenues via des liens ou qui proviennent de sources autres que la Route des\nVins de l'AOC Pla de Bages.<o:p><\/o:p><\/span><\/p>\n\n<p class=MsoNormal style='margin-top:12.0pt;text-align:justify;background:white'><span\nlang=ca style='font-family:Raleway;mso-fareast-font-family:Raleway;mso-bidi-font-family:\nRaleway'>Les responsables ne sont pas responsables de la l\u00e9galit\u00e9 des autres\nsites Web de tiers \u00e0 partir desquels le portail est accessible. Les\nresponsables ne sont pas responsables de la l\u00e9galit\u00e9 d'autres sites Web tiers,\nqui peuvent \u00eatre li\u00e9s ou li\u00e9s \u00e0 ce portail.<o:p><\/o:p><\/span><\/p>\n\n<p class=MsoNormal style='margin-top:12.0pt;text-align:justify;background:white'><span\nlang=ca style='font-family:Raleway;mso-fareast-font-family:Raleway;mso-bidi-font-family:\nRaleway'>Les Responsables ne garantissent pas la disponibilit\u00e9 et la continuit\u00e9\ndu fonctionnement du site Web et de ses services. Dans la mesure du possible,\nvous serez inform\u00e9 \u00e0 l'avance de toute interruption dans le fonctionnement du\nsite Web et des services.<o:p><\/o:p><\/span><\/p>\n\n<p class=MsoNormal style='margin-top:12.0pt;text-align:justify;background:white'><span\nlang=ca style='font-family:Raleway;mso-fareast-font-family:Raleway;mso-bidi-font-family:\nRaleway'>Le Responsable se r\u00e9serve le droit de modifier unilat\u00e9ralement, \u00e0 tout\nmoment et sans pr\u00e9avis, la pr\u00e9sentation, la configuration et le contenu du\nsite, ainsi que l'offre de services et les conditions n\u00e9cessaires \u00e0 son\nutilisation.<o:p><\/o:p><\/span><\/p>\n\n<p class=MsoNormal style='margin-top:12.0pt;text-align:justify;background:white'><span\nlang=ca style='font-family:Raleway;mso-fareast-font-family:Raleway;mso-bidi-font-family:\nRaleway'>L'utilisation de ce site Internet implique l'acceptation pleine et\nenti\u00e8re des termes et conditions contenus dans les pr\u00e9sentes mentions l\u00e9gales.<o:p><\/o:p><\/span><\/p>\n\n<p class=MsoNormal style='margin-top:12.0pt;text-align:justify;background:white'><b\nstyle='mso-bidi-font-weight:normal'><span lang=ca style='font-size:11.5pt;\nline-height:115%;font-family:Raleway;mso-fareast-font-family:Raleway;\nmso-bidi-font-family:Raleway'>8. Droit applicable et juridiction comp\u00e9tente<o:p><\/o:p><\/span><\/b><\/p>\n\n<p class=MsoNormal style='margin-top:12.0pt;text-align:justify;background:white'><span\nlang=ca style='font-family:Raleway;mso-fareast-font-family:Raleway;mso-bidi-font-family:\nRaleway'>Les conditions et l'utilisation du site Web de la route des vins de la\nDO Pla de Bages ou de tout service offert par les responsables seront r\u00e9gis et\ninterpr\u00e9t\u00e9s conform\u00e9ment \u00e0 la loi espagnole, et pour tout litige d\u00e9coulant de\nl'utilisation de ce service, les parties se soumettent express\u00e9ment \u00e0 la\nComp\u00e9tence des Tribunaux de la ville de Barcelone (Espagne). <o:p><\/o:p><\/span><\/p>\n\n<\/div><\/div><\/div><\/div><\/div><\/p>\n","protected":false},"excerpt":{"rendered":"","protected":false},"author":8,"featured_media":3200,"parent":0,"menu_order":54,"comment_status":"closed","ping_status":"closed","template":"100-width.php","meta":{"_acf_changed":false,"footnotes":""},"class_list":["post-5139","page","type-page","status-publish","has-post-thumbnail","hentry"],"acf":[],"yoast_head":"<!-- This site is optimized with the Yoast SEO plugin v27.5 - https:\/\/yoast.com\/product\/yoast-seo-wordpress\/ -->\n<title>Mentions l\u00e9gales - Route du vin AOC Pla de Bages<\/title>\n<meta name=\"description\" content=\"Page des mentions l\u00e9gales du site web de la Route du Vin AOC Pla de Bages.\" \/>\n<meta name=\"robots\" content=\"index, follow, max-snippet:-1, max-image-preview:large, max-video-preview:-1\" \/>\n<link rel=\"canonical\" href=\"https:\/\/www.rutadelvidobages.cat\/fr\/mentions-legales\/\" \/>\n<meta property=\"og:locale\" content=\"fr_FR\" \/>\n<meta property=\"og:type\" content=\"article\" \/>\n<meta property=\"og:title\" content=\"Mentions l\u00e9gales - Route du vin AOC Pla de Bages\" \/>\n<meta property=\"og:description\" content=\"Page des mentions l\u00e9gales du site web de la Route du Vin AOC Pla de Bages.\" \/>\n<meta property=\"og:url\" content=\"https:\/\/www.rutadelvidobages.cat\/fr\/mentions-legales\/\" \/>\n<meta property=\"og:site_name\" content=\"Route du vin AOC Pla de Bages\" \/>\n<meta property=\"article:modified_time\" content=\"2025-10-20T09:02:25+00:00\" \/>\n<meta property=\"og:image\" content=\"https:\/\/www.rutadelvidobages.cat\/wp-content\/uploads\/2021\/05\/cropped-logodobages-562.png\" \/>\n\t<meta property=\"og:image:width\" content=\"512\" \/>\n\t<meta property=\"og:image:height\" content=\"512\" \/>\n\t<meta property=\"og:image:type\" content=\"image\/png\" \/>\n<meta name=\"twitter:card\" content=\"summary_large_image\" \/>\n<meta name=\"twitter:label1\" content=\"Dur\u00e9e de lecture estim\u00e9e\" \/>\n\t<meta name=\"twitter:data1\" content=\"3 minutes\" \/>\n<script type=\"application\/ld+json\" class=\"yoast-schema-graph\">{\"@context\":\"https:\\\/\\\/schema.org\",\"@graph\":[{\"@type\":\"WebPage\",\"@id\":\"https:\\\/\\\/www.rutadelvidobages.cat\\\/fr\\\/mentions-legales\\\/\",\"url\":\"https:\\\/\\\/www.rutadelvidobages.cat\\\/fr\\\/mentions-legales\\\/\",\"name\":\"Mentions l\u00e9gales - Route du vin AOC Pla de Bages\",\"isPartOf\":{\"@id\":\"https:\\\/\\\/www.rutadelvidobages.cat\\\/fr\\\/#website\"},\"primaryImageOfPage\":{\"@id\":\"https:\\\/\\\/www.rutadelvidobages.cat\\\/fr\\\/mentions-legales\\\/#primaryimage\"},\"image\":{\"@id\":\"https:\\\/\\\/www.rutadelvidobages.cat\\\/fr\\\/mentions-legales\\\/#primaryimage\"},\"thumbnailUrl\":\"https:\\\/\\\/www.rutadelvidobages.cat\\\/wp-content\\\/uploads\\\/2021\\\/05\\\/cropped-logodobages-562.png\",\"datePublished\":\"2021-09-13T16:32:06+00:00\",\"dateModified\":\"2025-10-20T09:02:25+00:00\",\"description\":\"Page des mentions l\u00e9gales du site web de la Route du Vin AOC Pla de Bages.\",\"breadcrumb\":{\"@id\":\"https:\\\/\\\/www.rutadelvidobages.cat\\\/fr\\\/mentions-legales\\\/#breadcrumb\"},\"inLanguage\":\"fr-FR\",\"potentialAction\":[{\"@type\":\"ReadAction\",\"target\":[\"https:\\\/\\\/www.rutadelvidobages.cat\\\/fr\\\/mentions-legales\\\/\"]}]},{\"@type\":\"ImageObject\",\"inLanguage\":\"fr-FR\",\"@id\":\"https:\\\/\\\/www.rutadelvidobages.cat\\\/fr\\\/mentions-legales\\\/#primaryimage\",\"url\":\"https:\\\/\\\/www.rutadelvidobages.cat\\\/wp-content\\\/uploads\\\/2021\\\/05\\\/cropped-logodobages-562.png\",\"contentUrl\":\"https:\\\/\\\/www.rutadelvidobages.cat\\\/wp-content\\\/uploads\\\/2021\\\/05\\\/cropped-logodobages-562.png\",\"width\":512,\"height\":512},{\"@type\":\"BreadcrumbList\",\"@id\":\"https:\\\/\\\/www.rutadelvidobages.cat\\\/fr\\\/mentions-legales\\\/#breadcrumb\",\"itemListElement\":[{\"@type\":\"ListItem\",\"position\":1,\"name\":\"Inici\",\"item\":\"https:\\\/\\\/www.rutadelvidobages.cat\\\/fr\\\/\"},{\"@type\":\"ListItem\",\"position\":2,\"name\":\"Mentions l\u00e9gales\"}]},{\"@type\":\"WebSite\",\"@id\":\"https:\\\/\\\/www.rutadelvidobages.cat\\\/fr\\\/#website\",\"url\":\"https:\\\/\\\/www.rutadelvidobages.cat\\\/fr\\\/\",\"name\":\"Route du vin AOC Pla de Bages\",\"description\":\"Tresors a peu de vinya\",\"publisher\":{\"@id\":\"https:\\\/\\\/www.rutadelvidobages.cat\\\/fr\\\/#organization\"},\"potentialAction\":[{\"@type\":\"SearchAction\",\"target\":{\"@type\":\"EntryPoint\",\"urlTemplate\":\"https:\\\/\\\/www.rutadelvidobages.cat\\\/fr\\\/?s={search_term_string}\"},\"query-input\":{\"@type\":\"PropertyValueSpecification\",\"valueRequired\":true,\"valueName\":\"search_term_string\"}}],\"inLanguage\":\"fr-FR\"},{\"@type\":\"Organization\",\"@id\":\"https:\\\/\\\/www.rutadelvidobages.cat\\\/fr\\\/#organization\",\"name\":\"La route du vin de l\u2019AOC Pla de Bages\",\"url\":\"https:\\\/\\\/www.rutadelvidobages.cat\\\/fr\\\/\",\"logo\":{\"@type\":\"ImageObject\",\"inLanguage\":\"fr-FR\",\"@id\":\"https:\\\/\\\/www.rutadelvidobages.cat\\\/fr\\\/#\\\/schema\\\/logo\\\/image\\\/\",\"url\":\"https:\\\/\\\/www.rutadelvidobages.cat\\\/wp-content\\\/uploads\\\/2021\\\/08\\\/Logo_RutaVi_Capsalera120Retina.png\",\"contentUrl\":\"https:\\\/\\\/www.rutadelvidobages.cat\\\/wp-content\\\/uploads\\\/2021\\\/08\\\/Logo_RutaVi_Capsalera120Retina.png\",\"width\":210,\"height\":120,\"caption\":\"La route du vin de l\u2019AOC Pla de Bages\"},\"image\":{\"@id\":\"https:\\\/\\\/www.rutadelvidobages.cat\\\/fr\\\/#\\\/schema\\\/logo\\\/image\\\/\"}}]}<\/script>\n<!-- \/ Yoast SEO plugin. -->","yoast_head_json":{"title":"Mentions l\u00e9gales - Route du vin AOC Pla de Bages","description":"Page des mentions l\u00e9gales du site web de la Route du Vin AOC Pla de Bages.","robots":{"index":"index","follow":"follow","max-snippet":"max-snippet:-1","max-image-preview":"max-image-preview:large","max-video-preview":"max-video-preview:-1"},"canonical":"https:\/\/www.rutadelvidobages.cat\/fr\/mentions-legales\/","og_locale":"fr_FR","og_type":"article","og_title":"Mentions l\u00e9gales - Route du vin AOC Pla de Bages","og_description":"Page des mentions l\u00e9gales du site web de la Route du Vin AOC Pla de Bages.","og_url":"https:\/\/www.rutadelvidobages.cat\/fr\/mentions-legales\/","og_site_name":"Route du vin AOC Pla de Bages","article_modified_time":"2025-10-20T09:02:25+00:00","og_image":[{"width":512,"height":512,"url":"https:\/\/www.rutadelvidobages.cat\/wp-content\/uploads\/2021\/05\/cropped-logodobages-562.png","type":"image\/png"}],"twitter_card":"summary_large_image","twitter_misc":{"Dur\u00e9e de lecture estim\u00e9e":"3 minutes"},"schema":{"@context":"https:\/\/schema.org","@graph":[{"@type":"WebPage","@id":"https:\/\/www.rutadelvidobages.cat\/fr\/mentions-legales\/","url":"https:\/\/www.rutadelvidobages.cat\/fr\/mentions-legales\/","name":"Mentions l\u00e9gales - Route du vin AOC Pla de Bages","isPartOf":{"@id":"https:\/\/www.rutadelvidobages.cat\/fr\/#website"},"primaryImageOfPage":{"@id":"https:\/\/www.rutadelvidobages.cat\/fr\/mentions-legales\/#primaryimage"},"image":{"@id":"https:\/\/www.rutadelvidobages.cat\/fr\/mentions-legales\/#primaryimage"},"thumbnailUrl":"https:\/\/www.rutadelvidobages.cat\/wp-content\/uploads\/2021\/05\/cropped-logodobages-562.png","datePublished":"2021-09-13T16:32:06+00:00","dateModified":"2025-10-20T09:02:25+00:00","description":"Page des mentions l\u00e9gales du site web de la Route du Vin AOC Pla de Bages.","breadcrumb":{"@id":"https:\/\/www.rutadelvidobages.cat\/fr\/mentions-legales\/#breadcrumb"},"inLanguage":"fr-FR","potentialAction":[{"@type":"ReadAction","target":["https:\/\/www.rutadelvidobages.cat\/fr\/mentions-legales\/"]}]},{"@type":"ImageObject","inLanguage":"fr-FR","@id":"https:\/\/www.rutadelvidobages.cat\/fr\/mentions-legales\/#primaryimage","url":"https:\/\/www.rutadelvidobages.cat\/wp-content\/uploads\/2021\/05\/cropped-logodobages-562.png","contentUrl":"https:\/\/www.rutadelvidobages.cat\/wp-content\/uploads\/2021\/05\/cropped-logodobages-562.png","width":512,"height":512},{"@type":"BreadcrumbList","@id":"https:\/\/www.rutadelvidobages.cat\/fr\/mentions-legales\/#breadcrumb","itemListElement":[{"@type":"ListItem","position":1,"name":"Inici","item":"https:\/\/www.rutadelvidobages.cat\/fr\/"},{"@type":"ListItem","position":2,"name":"Mentions l\u00e9gales"}]},{"@type":"WebSite","@id":"https:\/\/www.rutadelvidobages.cat\/fr\/#website","url":"https:\/\/www.rutadelvidobages.cat\/fr\/","name":"Route du vin AOC Pla de Bages","description":"Tresors a peu de vinya","publisher":{"@id":"https:\/\/www.rutadelvidobages.cat\/fr\/#organization"},"potentialAction":[{"@type":"SearchAction","target":{"@type":"EntryPoint","urlTemplate":"https:\/\/www.rutadelvidobages.cat\/fr\/?s={search_term_string}"},"query-input":{"@type":"PropertyValueSpecification","valueRequired":true,"valueName":"search_term_string"}}],"inLanguage":"fr-FR"},{"@type":"Organization","@id":"https:\/\/www.rutadelvidobages.cat\/fr\/#organization","name":"La route du vin de l\u2019AOC Pla de Bages","url":"https:\/\/www.rutadelvidobages.cat\/fr\/","logo":{"@type":"ImageObject","inLanguage":"fr-FR","@id":"https:\/\/www.rutadelvidobages.cat\/fr\/#\/schema\/logo\/image\/","url":"https:\/\/www.rutadelvidobages.cat\/wp-content\/uploads\/2021\/08\/Logo_RutaVi_Capsalera120Retina.png","contentUrl":"https:\/\/www.rutadelvidobages.cat\/wp-content\/uploads\/2021\/08\/Logo_RutaVi_Capsalera120Retina.png","width":210,"height":120,"caption":"La route du vin de l\u2019AOC Pla de Bages"},"image":{"@id":"https:\/\/www.rutadelvidobages.cat\/fr\/#\/schema\/logo\/image\/"}}]}},"_links":{"self":[{"href":"https:\/\/www.rutadelvidobages.cat\/fr\/wp-json\/wp\/v2\/pages\/5139","targetHints":{"allow":["GET"]}}],"collection":[{"href":"https:\/\/www.rutadelvidobages.cat\/fr\/wp-json\/wp\/v2\/pages"}],"about":[{"href":"https:\/\/www.rutadelvidobages.cat\/fr\/wp-json\/wp\/v2\/types\/page"}],"author":[{"embeddable":true,"href":"https:\/\/www.rutadelvidobages.cat\/fr\/wp-json\/wp\/v2\/users\/8"}],"replies":[{"embeddable":true,"href":"https:\/\/www.rutadelvidobages.cat\/fr\/wp-json\/wp\/v2\/comments?post=5139"}],"version-history":[{"count":0,"href":"https:\/\/www.rutadelvidobages.cat\/fr\/wp-json\/wp\/v2\/pages\/5139\/revisions"}],"wp:featuredmedia":[{"embeddable":true,"href":"https:\/\/www.rutadelvidobages.cat\/fr\/wp-json\/wp\/v2\/media\/3200"}],"wp:attachment":[{"href":"https:\/\/www.rutadelvidobages.cat\/fr\/wp-json\/wp\/v2\/media?parent=5139"}],"curies":[{"name":"wp","href":"https:\/\/api.w.org\/{rel}","templated":true}]}}